{"id":183,"date":"2024-07-08T07:30:18","date_gmt":"2024-07-08T05:30:18","guid":{"rendered":"https:\/\/mauri-monasterium.com\/?page_id=183"},"modified":"2025-02-27T16:31:39","modified_gmt":"2025-02-27T15:31:39","slug":"page-accueil-decouvrir-alsace-passionnement","status":"publish","type":"page","link":"https:\/\/mauri-monasterium.com\/index.php\/page-accueil-decouvrir-alsace-passionnement\/","title":{"rendered":"Page d&rsquo;accueil"},"content":{"rendered":"<p>[et_pb_section fb_built=\u00a0\u00bb1&Prime; fullwidth=\u00a0\u00bbon\u00a0\u00bb disabled_on=\u00a0\u00bboff|off|off\u00a0\u00bb _builder_version=\u00a0\u00bb4.27.4&Prime; _module_preset=\u00a0\u00bbdefault\u00a0\u00bb hover_transition_duration=\u00a0\u00bb0ms\u00a0\u00bb global_colors_info=\u00a0\u00bb{}\u00a0\u00bb][et_pb_fullwidth_header title=\u00a0\u00bbD\u00e9couvrir l&rsquo;Alsace, passionn\u00e9ment.\u00a0\u00bb subhead=\u00a0\u00bbLaissez-vous guider par Tim &#038; Time, habitants, explorateurs et reporters de leur belle r\u00e9gion, dont le territoire des Vosges du Nord.\u00a0\u00bb text_orientation=\u00a0\u00bbcenter\u00a0\u00bb button_one_text=\u00a0\u00bbEXPLORER LE E-MAGAZINE\u00a0\u00bb button_one_url=\u00a0\u00bbhttps:\/\/mauri-monasterium.com\/index.php\/category\/sommaire-du-magazine\/\u00a0\u00bb background_overlay_color=\u00a0\u00bbRGBA(255,255,255,0)\u00a0\u00bb title_last_edited=\u00a0\u00bboff|desktop\u00a0\u00bb _builder_version=\u00a0\u00bb4.27.4&Prime; _module_preset=\u00a0\u00bbdefault\u00a0\u00bb title_font=\u00a0\u00bbEB Garamond|700||on|||||\u00a0\u00bb title_text_align=\u00a0\u00bbcenter\u00a0\u00bb title_font_size=\u00a0\u00bb54px\u00a0\u00bb title_letter_spacing=\u00a0\u00bb1px\u00a0\u00bb content_font_size=\u00a0\u00bb15px\u00a0\u00bb subhead_font=\u00a0\u00bb&#8211;et_global_body_font||||||||\u00a0\u00bb subhead_text_align=\u00a0\u00bbcenter\u00a0\u00bb subhead_font_size=\u00a0\u00bb22px\u00a0\u00bb background_color=\u00a0\u00bbRGBA(255,255,255,0)\u00a0\u00bb background_image=\u00a0\u00bbhttps:\/\/mauri-monasterium.com\/wp-content\/uploads\/2024\/07\/abbatiale_marmoutier.jpg\u00a0\u00bb background_blend=\u00a0\u00bbdarken\u00a0\u00bb background_enable_pattern_style=\u00a0\u00bbon\u00a0\u00bb background_pattern_style=\u00a0\u00bbtriangles\u00a0\u00bb background_pattern_size=\u00a0\u00bbcover\u00a0\u00bb background_pattern_horizontal_offset=\u00a0\u00bb0%\u00a0\u00bb custom_button_one=\u00a0\u00bbon\u00a0\u00bb button_one_text_size=\u00a0\u00bb21px\u00a0\u00bb button_one_text_color=\u00a0\u00bb#000000&Prime; hover_transition_duration=\u00a0\u00bb0ms\u00a0\u00bb link_option_url_new_window=\u00a0\u00bbon\u00a0\u00bb title_text_align_phone=\u00a0\u00bbcenter\u00a0\u00bb title_text_align_last_edited=\u00a0\u00bboff|phone\u00a0\u00bb title_font_size_tablet=\u00a0\u00bb32px\u00a0\u00bb title_font_size_phone=\u00a0\u00bb24px\u00a0\u00bb title_font_size_last_edited=\u00a0\u00bbon|phone\u00a0\u00bb subhead_font_size_tablet=\u00a0\u00bb14px\u00a0\u00bb subhead_font_size_phone=\u00a0\u00bb12px\u00a0\u00bb subhead_font_size_last_edited=\u00a0\u00bbon|tablet\u00a0\u00bb button_one_text_size_tablet=\u00a0\u00bb16px\u00a0\u00bb button_one_text_size_phone=\u00a0\u00bb11px\u00a0\u00bb button_one_text_size_last_edited=\u00a0\u00bbon|phone\u00a0\u00bb border_style_all_image=\u00a0\u00bbnone\u00a0\u00bb global_colors_info=\u00a0\u00bb{}\u00a0\u00bb][\/et_pb_fullwidth_header][\/et_pb_section][et_pb_section fb_built=\u00a0\u00bb1&Prime; admin_label=\u00a0\u00bbtitre cr\u00e9ations\u00a0\u00bb _builder_version=\u00a0\u00bb4.27.2&Prime; _module_preset=\u00a0\u00bbdefault\u00a0\u00bb custom_margin=\u00a0\u00bb-120px||0px||false|false\u00a0\u00bb global_colors_info=\u00a0\u00bb{}\u00a0\u00bb][et_pb_row _builder_version=\u00a0\u00bb4.26.0&Prime; _module_preset=\u00a0\u00bbdefault\u00a0\u00bb custom_margin_tablet=\u00a0\u00bb\u00a0\u00bb custom_margin_phone=\u00a0\u00bb29px||4px||false|false\u00a0\u00bb custom_margin_last_edited=\u00a0\u00bbon|phone\u00a0\u00bb global_colors_info=\u00a0\u00bb{}\u00a0\u00bb][et_pb_column type=\u00a0\u00bb4_4&Prime; _builder_version=\u00a0\u00bb4.26.0&Prime; _module_preset=\u00a0\u00bbdefault\u00a0\u00bb global_colors_info=\u00a0\u00bb{}\u00a0\u00bb][et_pb_text _builder_version=\u00a0\u00bb4.27.0&Prime; _module_preset=\u00a0\u00bbdefault\u00a0\u00bb global_colors_info=\u00a0\u00bb{}\u00a0\u00bb]<\/p>\n<h3 style=\"text-align: center;\">Pour d\u00e9couvrir l&rsquo;Alsace passionn\u00e9ment<\/h3>\n<h3 style=\"text-align: center;\">Tim &amp; Time commencent en vous souhaitant la Bienvenue!<\/h3>\n<p>[\/et_pb_text][\/et_pb_column][\/et_pb_row][et_pb_row column_structure=\u00a0\u00bb1_2,1_2&Prime; disabled_on=\u00a0\u00bbon|off|off\u00a0\u00bb _builder_version=\u00a0\u00bb4.27.2&Prime; _module_preset=\u00a0\u00bbdefault\u00a0\u00bb global_colors_info=\u00a0\u00bb{}\u00a0\u00bb][et_pb_column type=\u00a0\u00bb1_2&Prime; _builder_version=\u00a0\u00bb4.27.0&Prime; _module_preset=\u00a0\u00bbdefault\u00a0\u00bb global_colors_info=\u00a0\u00bb{}\u00a0\u00bb][et_pb_image src=\u00a0\u00bbhttps:\/\/mauri-monasterium.com\/wp-content\/uploads\/2024\/07\/icone-choisir-categorie.png\u00a0\u00bb title_text=\u00a0\u00bbicone-choisir-categorie\u00a0\u00bb align=\u00a0\u00bbcenter\u00a0\u00bb _builder_version=\u00a0\u00bb4.27.2&Prime; _module_preset=\u00a0\u00bbdefault\u00a0\u00bb custom_margin=\u00a0\u00bb|157px||||\u00a0\u00bb global_colors_info=\u00a0\u00bb{}\u00a0\u00bb][\/et_pb_image][\/et_pb_column][et_pb_column type=\u00a0\u00bb1_2&Prime; _builder_version=\u00a0\u00bb4.27.0&Prime; _module_preset=\u00a0\u00bbdefault\u00a0\u00bb global_colors_info=\u00a0\u00bb{}\u00a0\u00bb][et_pb_text _builder_version=\u00a0\u00bb4.27.2&Prime; _module_preset=\u00a0\u00bbdefault\u00a0\u00bb text_orientation=\u00a0\u00bbcenter\u00a0\u00bb width_tablet=\u00a0\u00bb\u00a0\u00bb width_phone=\u00a0\u00bb\u00a0\u00bb width_last_edited=\u00a0\u00bbon|phone\u00a0\u00bb custom_margin=\u00a0\u00bb|||-197px||\u00a0\u00bb global_colors_info=\u00a0\u00bb{}\u00a0\u00bb]<\/p>\n<p style=\"text-align: justify;\">Ici <strong>Tim et Time<\/strong>, nous habitons ici, en Alsace et particuli\u00e8rement dans le <strong>Parc R\u00e9gional des Vosges du Nord<\/strong>. Notre m\u00e9tier: vous accueillir pour une nuit ou pour une semaine &#8230; nous aimons cela, et nous aimons encore plus particuli\u00e8rement vous faire partager nos endroits \u00e0 visiter, nos bonnes recettes, les artisans dou\u00e9s et toutes les animations culturelles auxquelles nous assistons ici, par chez nous.<\/p>\n<p style=\"text-align: justify;\">C&rsquo;est de cette <strong>combinaison de nos deux passions<\/strong> qu&rsquo;est n\u00e9 ce site, <a href=\"https:\/\/www.mauri-monasterium.com\">mauri-monasterium.com<\/a>, et en explorant le fil de ses pages, vous comprendrez tr\u00e8s vite pourquoi nous avons choisi notre terrain de jeu de <strong>Wingen-sur-Moder \u00e0 Marmoutier<\/strong>!<\/p>\n<p style=\"text-align: justify;\">Sentez-vous libres d&rsquo;<strong>entrer en contact avec nous<\/strong> \u00e0 tout moment (via la <a href=\"https:\/\/mauri-monasterium.com\/index.php\/contact\/\">page contact<\/a>, notre num\u00e9ro Whatsapp avec l&rsquo;ic\u00f4ne en bas \u00e0 droite, ou sur nos r\u00e9seaux sociaux <a href=\"https:\/\/www.facebook.com\/profile.php?id=61563848182254\">Facebook<\/a>, <a href=\"https:\/\/www.instagram.com\/timtime_alsace\/\">Instagram<\/a>, <a href=\"https:\/\/www.threads.net\/@timtime_alsace\">Threads<\/a> et bient\u00f4t Youtube&#8230;).<\/p>\n<p style=\"text-align: justify;\">Excellente visite!<\/p>\n<p>[\/et_pb_text][\/et_pb_column][\/et_pb_row][et_pb_row column_structure=\u00a0\u00bb1_2,1_2&Prime; disabled_on=\u00a0\u00bboff|on|on\u00a0\u00bb _builder_version=\u00a0\u00bb4.27.2&Prime; _module_preset=\u00a0\u00bbdefault\u00a0\u00bb global_colors_info=\u00a0\u00bb{}\u00a0\u00bb][et_pb_column type=\u00a0\u00bb1_2&Prime; _builder_version=\u00a0\u00bb4.27.0&Prime; _module_preset=\u00a0\u00bbdefault\u00a0\u00bb global_colors_info=\u00a0\u00bb{}\u00a0\u00bb][et_pb_image src=\u00a0\u00bbhttps:\/\/mauri-monasterium.com\/wp-content\/uploads\/2024\/07\/icone-choisir-categorie.png\u00a0\u00bb title_text=\u00a0\u00bbicone-choisir-categorie\u00a0\u00bb align=\u00a0\u00bbcenter\u00a0\u00bb _builder_version=\u00a0\u00bb4.27.2&Prime; _module_preset=\u00a0\u00bbdefault\u00a0\u00bb custom_margin=\u00a0\u00bb|157px||||\u00a0\u00bb global_colors_info=\u00a0\u00bb{}\u00a0\u00bb][\/et_pb_image][et_pb_text _builder_version=\u00a0\u00bb4.27.2&Prime; _module_preset=\u00a0\u00bbdefault\u00a0\u00bb text_orientation=\u00a0\u00bbcenter\u00a0\u00bb width_tablet=\u00a0\u00bb\u00a0\u00bb width_phone=\u00a0\u00bb100%\u00a0\u00bb width_last_edited=\u00a0\u00bbon|phone\u00a0\u00bb max_width=\u00a0\u00bb100%\u00a0\u00bb module_alignment=\u00a0\u00bbcenter\u00a0\u00bb custom_margin=\u00a0\u00bb|||-197px||\u00a0\u00bb global_colors_info=\u00a0\u00bb{}\u00a0\u00bb]<\/p>\n<p style=\"text-align: justify;\">Ici <strong>Tim et Time<\/strong>, nous habitons ici, en Alsace et particuli\u00e8rement dans le <strong>Parc R\u00e9gional des Vosges du Nord<\/strong>. Notre m\u00e9tier: vous accueillir pour une nuit ou pour une semaine &#8230; nous aimons cela, et nous aimons encore plus particuli\u00e8rement vous faire partager nos endroits \u00e0 visiter, nos bonnes recettes, les artisans dou\u00e9s et toutes les animations culturelles auxquelles nous assistons ici, par chez nous.<\/p>\n<p style=\"text-align: justify;\">C&rsquo;est de cette <strong>combinaison de nos deux passions<\/strong> qu&rsquo;est n\u00e9 ce site, <a href=\"https:\/\/www.mauri-monasterium.com\">mauri-monasterium.com<\/a>, et en explorant le fil de ses pages, vous comprendrez tr\u00e8s vite pourquoi nous avons choisi notre terrain de jeu de <strong>Wingen-sur-Moder \u00e0 Marmoutier<\/strong>!<\/p>\n<p style=\"text-align: justify;\">Sentez-vous libres d&rsquo;<strong>entrer en contact avec nous<\/strong> \u00e0 tout moment (via la <a href=\"https:\/\/mauri-monasterium.com\/index.php\/contact\/\">page contact<\/a>, notre num\u00e9ro Whatsapp avec l&rsquo;ic\u00f4ne en bas \u00e0 droite, ou sur nos r\u00e9seaux sociaux <a href=\"https:\/\/www.facebook.com\/profile.php?id=61563848182254\">Facebook<\/a>, <a href=\"https:\/\/www.instagram.com\/timtime_alsace\/\">Instagram<\/a>, <a href=\"https:\/\/www.threads.net\/@timtime_alsace\">Threads<\/a> et bient\u00f4t Youtube&#8230;).<\/p>\n<p style=\"text-align: justify;\">Excellente visite!<\/p>\n<p>[\/et_pb_text][\/et_pb_column][et_pb_column type=\u00a0\u00bb1_2&Prime; _builder_version=\u00a0\u00bb4.27.0&Prime; _module_preset=\u00a0\u00bbdefault\u00a0\u00bb global_colors_info=\u00a0\u00bb{}\u00a0\u00bb][\/et_pb_column][\/et_pb_row][et_pb_row _builder_version=\u00a0\u00bb4.27.2&Prime; _module_preset=\u00a0\u00bbdefault\u00a0\u00bb module_alignment=\u00a0\u00bbcenter\u00a0\u00bb min_height=\u00a0\u00bb93.4px\u00a0\u00bb custom_margin=\u00a0\u00bb|auto|0px|auto|false|false\u00a0\u00bb global_colors_info=\u00a0\u00bb{}\u00a0\u00bb][et_pb_column type=\u00a0\u00bb4_4&Prime; _builder_version=\u00a0\u00bb4.27.0&Prime; _module_preset=\u00a0\u00bbdefault\u00a0\u00bb global_colors_info=\u00a0\u00bb{}\u00a0\u00bb][et_pb_text _builder_version=\u00a0\u00bb4.27.0&Prime; _module_preset=\u00a0\u00bbdefault\u00a0\u00bb text_text_color=\u00a0\u00bb#c21533&Prime; text_orientation=\u00a0\u00bbcenter\u00a0\u00bb global_colors_info=\u00a0\u00bb{}\u00a0\u00bb]<\/p>\n<h3 style=\"text-align: center;\"><span style=\"color: #c21533;\">D\u00e9couvrir l&rsquo;Alsace passionn\u00e9ment, c&rsquo;est &#8230;<\/span><\/h3>\n<p>[\/et_pb_text][\/et_pb_column][\/et_pb_row][\/et_pb_section][et_pb_section fb_built=\u00a0\u00bb1&Prime; disabled_on=\u00a0\u00bbon|off|off\u00a0\u00bb admin_label=\u00a0\u00bbtexte creatioe\u00a0\u00bb _builder_version=\u00a0\u00bb4.27.2&Prime; _module_preset=\u00a0\u00bbdefault\u00a0\u00bb global_colors_info=\u00a0\u00bb{}\u00a0\u00bb][et_pb_row disabled_on=\u00a0\u00bbon|off|off\u00a0\u00bb _builder_version=\u00a0\u00bb4.27.2&Prime; _module_preset=\u00a0\u00bbdefault\u00a0\u00bb global_colors_info=\u00a0\u00bb{}\u00a0\u00bb][et_pb_column type=\u00a0\u00bb4_4&Prime; _builder_version=\u00a0\u00bb4.27.2&Prime; _module_preset=\u00a0\u00bbdefault\u00a0\u00bb global_colors_info=\u00a0\u00bb{}\u00a0\u00bb][et_pb_heading title=\u00a0\u00bbCr\u00e9ations &#038; Savoir-Faire Locaux\u00a0\u00bb disabled_on=\u00a0\u00bbon|off|off\u00a0\u00bb _builder_version=\u00a0\u00bb4.27.2&Prime; _module_preset=\u00a0\u00bbdefault\u00a0\u00bb title_font=\u00a0\u00bbEB Garamond||||||||\u00a0\u00bb title_text_align=\u00a0\u00bbleft\u00a0\u00bb global_colors_info=\u00a0\u00bb{}\u00a0\u00bb][\/et_pb_heading][\/et_pb_column][\/et_pb_row][et_pb_row column_structure=\u00a0\u00bb1_3,2_3&Prime; disabled_on=\u00a0\u00bbon|off|off\u00a0\u00bb _builder_version=\u00a0\u00bb4.27.2&Prime; _module_preset=\u00a0\u00bbdefault\u00a0\u00bb custom_margin=\u00a0\u00bb0px||||false|false\u00a0\u00bb custom_padding=\u00a0\u00bb0px||||false|false\u00a0\u00bb global_colors_info=\u00a0\u00bb{}\u00a0\u00bb][et_pb_column type=\u00a0\u00bb1_3&Prime; _builder_version=\u00a0\u00bb4.26.0&Prime; _module_preset=\u00a0\u00bbdefault\u00a0\u00bb global_colors_info=\u00a0\u00bb{}\u00a0\u00bb][et_pb_heading title=\u00a0\u00bbD\u00e9couvrez l&rsquo;Art de l&rsquo;Alsace \u00e0 travers les yeux de ses artistes et artisans.\u00a0\u00bb _builder_version=\u00a0\u00bb4.26.0&Prime; _module_preset=\u00a0\u00bbdefault\u00a0\u00bb title_level=\u00a0\u00bbh4&Prime; title_font=\u00a0\u00bbEB Garamond|||on|||||\u00a0\u00bb title_text_align=\u00a0\u00bbright\u00a0\u00bb title_text_color=\u00a0\u00bb#c8102e\u00a0\u00bb title_font_size=\u00a0\u00bb18px\u00a0\u00bb title_letter_spacing=\u00a0\u00bb6px\u00a0\u00bb title_line_height=\u00a0\u00bb1.2em\u00a0\u00bb global_colors_info=\u00a0\u00bb{}\u00a0\u00bb][\/et_pb_heading][et_pb_text _builder_version=\u00a0\u00bb4.26.0&Prime; _module_preset=\u00a0\u00bbdefault\u00a0\u00bb global_colors_info=\u00a0\u00bb{}\u00a0\u00bb]<\/p>\n<p style=\"text-align: justify;\">D\u00e9couvrez le talent artistique et artisanal de l&rsquo;Alsace dans notre espace d\u00e9di\u00e9 aux <a href=\"https:\/\/mauri-monasterium.com\/index.php\/category\/creations-savoirfaire-locaux\/\">Cr\u00e9ations et Savoir-Faire Locaux<\/a>. Visitez notre Galerie d&rsquo;Art pour appr\u00e9cier les \u0153uvres qui refl\u00e8tent la beaut\u00e9 de notre r\u00e9gion, \u00e9changez avec les artistes et artisans passionn\u00e9s qui maintiennent vivantes nos traditions, explorez notre Boutique \u00e0 la recherche de tr\u00e9sors uniques, et tenez-vous au courant des \u00c9v\u00e9nements artistiques \u00e0 venir. \u00c0 chaque clic, une nouvelle perspective sur l&rsquo;esprit alsacien s&rsquo;ouvre \u00e0 vous.<\/p>\n<p>[\/et_pb_text][et_pb_button button_url=\u00a0\u00bbhttps:\/\/mauri-monasterium.com\/index.php\/category\/creations-savoirfaire-locaux\/\u00a0\u00bb button_text=\u00a0\u00bbD\u00e9couvrir\u00a0\u00bb button_alignment=\u00a0\u00bbright\u00a0\u00bb _builder_version=\u00a0\u00bb4.27.0&Prime; _module_preset=\u00a0\u00bbdefault\u00a0\u00bb background_layout=\u00a0\u00bbdark\u00a0\u00bb global_colors_info=\u00a0\u00bb{}\u00a0\u00bb][\/et_pb_button][\/et_pb_column][et_pb_column type=\u00a0\u00bb2_3&Prime; _builder_version=\u00a0\u00bb4.26.0&Prime; _module_preset=\u00a0\u00bbdefault\u00a0\u00bb global_colors_info=\u00a0\u00bb{}\u00a0\u00bb][et_pb_image src=\u00a0\u00bbhttps:\/\/mauri-monasterium.com\/wp-content\/uploads\/2025\/02\/zitta_zittersheim_72pppZoom.jpg\u00a0\u00bb alt=\u00a0\u00bbzitta de Zittersheim Zoom\u00a0\u00bb title_text=\u00a0\u00bbzitta_zittersheim_72pppZoom\u00a0\u00bb url=\u00a0\u00bbhttps:\/\/mauri-monasterium.com\/index.php\/category\/creations-savoirfaire-locaux\/\u00a0\u00bb _builder_version=\u00a0\u00bb4.27.4&Prime; _module_preset=\u00a0\u00bbdefault\u00a0\u00bb hover_enabled=\u00a0\u00bb0&Prime; global_colors_info=\u00a0\u00bb{}\u00a0\u00bb sticky_enabled=\u00a0\u00bb0&Prime;][\/et_pb_image][\/et_pb_column][\/et_pb_row][\/et_pb_section][et_pb_section fb_built=\u00a0\u00bb1&Prime; disabled_on=\u00a0\u00bboff|on|on\u00a0\u00bb admin_label=\u00a0\u00bbtexte creatioe\u00a0\u00bb _builder_version=\u00a0\u00bb4.27.2&Prime; _module_preset=\u00a0\u00bbdefault\u00a0\u00bb global_colors_info=\u00a0\u00bb{}\u00a0\u00bb][et_pb_row column_structure=\u00a0\u00bb1_3,2_3&Prime; disabled_on=\u00a0\u00bboff|on|on\u00a0\u00bb _builder_version=\u00a0\u00bb4.27.2&Prime; _module_preset=\u00a0\u00bbdefault\u00a0\u00bb global_colors_info=\u00a0\u00bb{}\u00a0\u00bb][et_pb_column type=\u00a0\u00bb1_3&Prime; _builder_version=\u00a0\u00bb4.26.0&Prime; _module_preset=\u00a0\u00bbdefault\u00a0\u00bb global_colors_info=\u00a0\u00bb{}\u00a0\u00bb][et_pb_heading title=\u00a0\u00bbCr\u00e9ations et Savoir-Faire Locaux\u00a0\u00bb disabled_on=\u00a0\u00bboff|off|off\u00a0\u00bb _builder_version=\u00a0\u00bb4.27.2&Prime; _module_preset=\u00a0\u00bbdefault\u00a0\u00bb title_font=\u00a0\u00bbEB Garamond||||||||\u00a0\u00bb title_text_align=\u00a0\u00bbleft\u00a0\u00bb global_colors_info=\u00a0\u00bb{}\u00a0\u00bb][\/et_pb_heading][et_pb_image src=\u00a0\u00bbhttps:\/\/mauri-monasterium.com\/wp-content\/uploads\/2024\/07\/anne-nygard-P7X0np30w30-unsplash.jpg\u00a0\u00bb alt=\u00a0\u00bbddssdds\u00a0\u00bb title_text=\u00a0\u00bbanne-nygard-P7X0np30w30-unsplash\u00a0\u00bb url=\u00a0\u00bbhttps:\/\/mauri-monasterium.com\/index.php\/category\/creations-savoirfaire-locaux\/\u00a0\u00bb _builder_version=\u00a0\u00bb4.27.0&Prime; _module_preset=\u00a0\u00bbdefault\u00a0\u00bb global_colors_info=\u00a0\u00bb{}\u00a0\u00bb][\/et_pb_image][et_pb_heading title=\u00a0\u00bbD\u00e9couvrez l&rsquo;Art de l&rsquo;Alsace \u00e0 travers les yeux de ses artistes et artisans.\u00a0\u00bb _builder_version=\u00a0\u00bb4.26.0&Prime; _module_preset=\u00a0\u00bbdefault\u00a0\u00bb title_level=\u00a0\u00bbh4&Prime; title_font=\u00a0\u00bbEB Garamond|||on|||||\u00a0\u00bb title_text_align=\u00a0\u00bbright\u00a0\u00bb title_text_color=\u00a0\u00bb#c8102e\u00a0\u00bb title_font_size=\u00a0\u00bb18px\u00a0\u00bb title_letter_spacing=\u00a0\u00bb6px\u00a0\u00bb title_line_height=\u00a0\u00bb1.2em\u00a0\u00bb global_colors_info=\u00a0\u00bb{}\u00a0\u00bb][\/et_pb_heading][et_pb_text _builder_version=\u00a0\u00bb4.26.0&Prime; _module_preset=\u00a0\u00bbdefault\u00a0\u00bb global_colors_info=\u00a0\u00bb{}\u00a0\u00bb]<\/p>\n<p style=\"text-align: justify;\">D\u00e9couvrez le talent artistique et artisanal de l&rsquo;Alsace dans notre espace d\u00e9di\u00e9 aux <a href=\"https:\/\/mauri-monasterium.com\/index.php\/category\/creations-savoirfaire-locaux\/\">Cr\u00e9ations et Savoir-Faire Locaux<\/a>. Visitez notre Galerie d&rsquo;Art pour appr\u00e9cier les \u0153uvres qui refl\u00e8tent la beaut\u00e9 de notre r\u00e9gion, \u00e9changez avec les artistes et artisans passionn\u00e9s qui maintiennent vivantes nos traditions, explorez notre Boutique \u00e0 la recherche de tr\u00e9sors uniques, et tenez-vous au courant des \u00c9v\u00e9nements artistiques \u00e0 venir. \u00c0 chaque clic, une nouvelle perspective sur l&rsquo;esprit alsacien s&rsquo;ouvre \u00e0 vous.<\/p>\n<p>[\/et_pb_text][et_pb_button button_url=\u00a0\u00bbhttps:\/\/mauri-monasterium.com\/index.php\/category\/creations-savoirfaire-locaux\/\u00a0\u00bb button_text=\u00a0\u00bbD\u00e9couvrir\u00a0\u00bb button_alignment=\u00a0\u00bbright\u00a0\u00bb _builder_version=\u00a0\u00bb4.27.0&Prime; _module_preset=\u00a0\u00bbdefault\u00a0\u00bb background_layout=\u00a0\u00bbdark\u00a0\u00bb global_colors_info=\u00a0\u00bb{}\u00a0\u00bb][\/et_pb_button][\/et_pb_column][et_pb_column type=\u00a0\u00bb2_3&Prime; _builder_version=\u00a0\u00bb4.26.0&Prime; _module_preset=\u00a0\u00bbdefault\u00a0\u00bb global_colors_info=\u00a0\u00bb{}\u00a0\u00bb][\/et_pb_column][\/et_pb_row][\/et_pb_section][et_pb_section fb_built=\u00a0\u00bb1&Prime; disabled_on=\u00a0\u00bbon|off|off\u00a0\u00bb admin_label=\u00a0\u00bbtexte experiences\u00a0\u00bb _builder_version=\u00a0\u00bb4.27.2&Prime; _module_preset=\u00a0\u00bbdefault\u00a0\u00bb custom_margin=\u00a0\u00bb0px||||false|false\u00a0\u00bb global_colors_info=\u00a0\u00bb{}\u00a0\u00bb][et_pb_row disabled_on=\u00a0\u00bbon|off|off\u00a0\u00bb _builder_version=\u00a0\u00bb4.27.2&Prime; _module_preset=\u00a0\u00bbdefault\u00a0\u00bb global_colors_info=\u00a0\u00bb{}\u00a0\u00bb][et_pb_column type=\u00a0\u00bb4_4&Prime; _builder_version=\u00a0\u00bb4.27.2&Prime; _module_preset=\u00a0\u00bbdefault\u00a0\u00bb global_colors_info=\u00a0\u00bb{}\u00a0\u00bb][et_pb_heading title=\u00a0\u00bbExp\u00e9riences, ateliers et rencontres\u00a0\u00bb disabled_on=\u00a0\u00bbon|off|off\u00a0\u00bb _builder_version=\u00a0\u00bb4.27.2&Prime; _module_preset=\u00a0\u00bbdefault\u00a0\u00bb title_font=\u00a0\u00bbEB Garamond||||||||\u00a0\u00bb title_text_align=\u00a0\u00bbleft\u00a0\u00bb global_colors_info=\u00a0\u00bb{}\u00a0\u00bb][\/et_pb_heading][\/et_pb_column][\/et_pb_row][et_pb_row column_structure=\u00a0\u00bb3_5,2_5&Prime; disabled_on=\u00a0\u00bbon|off|off\u00a0\u00bb _builder_version=\u00a0\u00bb4.27.2&Prime; _module_preset=\u00a0\u00bbdefault\u00a0\u00bb global_colors_info=\u00a0\u00bb{}\u00a0\u00bb][et_pb_column type=\u00a0\u00bb3_5&Prime; _builder_version=\u00a0\u00bb4.26.0&Prime; _module_preset=\u00a0\u00bbdefault\u00a0\u00bb global_colors_info=\u00a0\u00bb{}\u00a0\u00bb][et_pb_image src=\u00a0\u00bbhttps:\/\/mauri-monasterium.com\/wp-content\/uploads\/2024\/07\/hillary-ungson-TdpSX7XAcKo-unsplash.jpg\u00a0\u00bb alt=\u00a0\u00bbfemmes participant \u00e0 un atelier cr\u00e9atif\u00a0\u00bb title_text=\u00a0\u00bbhillary-ungson-TdpSX7XAcKo-unsplash\u00a0\u00bb url=\u00a0\u00bbhttps:\/\/mauri-monasterium.com\/index.php\/category\/experiences-ateliers-rencontres\/\u00a0\u00bb _builder_version=\u00a0\u00bb4.27.0&Prime; _module_preset=\u00a0\u00bbdefault\u00a0\u00bb global_colors_info=\u00a0\u00bb{}\u00a0\u00bb][\/et_pb_image][\/et_pb_column][et_pb_column type=\u00a0\u00bb2_5&Prime; _builder_version=\u00a0\u00bb4.26.0&Prime; _module_preset=\u00a0\u00bbdefault\u00a0\u00bb global_colors_info=\u00a0\u00bb{}\u00a0\u00bb][et_pb_heading title=\u00a0\u00bbParticipez, apprenez et partagez dans un cadre inspirant.\u00a0\u00bb _builder_version=\u00a0\u00bb4.26.0&Prime; _module_preset=\u00a0\u00bbdefault\u00a0\u00bb title_level=\u00a0\u00bbh4&Prime; title_font=\u00a0\u00bbEB Garamond|||on|||||\u00a0\u00bb title_text_align=\u00a0\u00bbleft\u00a0\u00bb title_text_color=\u00a0\u00bb#c8102e\u00a0\u00bb title_font_size=\u00a0\u00bb18px\u00a0\u00bb title_letter_spacing=\u00a0\u00bb6px\u00a0\u00bb title_line_height=\u00a0\u00bb1.2em\u00a0\u00bb global_colors_info=\u00a0\u00bb{}\u00a0\u00bb][\/et_pb_heading][et_pb_text _builder_version=\u00a0\u00bb4.26.0&Prime; _module_preset=\u00a0\u00bbdefault\u00a0\u00bb global_colors_info=\u00a0\u00bb{}\u00a0\u00bb]<\/p>\n<p style=\"text-align: justify;\">Vivez des moments enrichissants gr\u00e2ce \u00e0 <a href=\"https:\/\/mauri-monasterium.com\/index.php\/category\/experiences-ateliers-rencontres\/\">nos ateliers et rencontres<\/a>. Jetez un \u0153il \u00e0 notre calendrier pour choisir les sessions cr\u00e9atives et p\u00e9dagogiques qui vous int\u00e9ressent. Utilisez notre syst\u00e8me de r\u00e9servation en ligne pour vous inscrire facilement, explorez les cr\u00e9ations r\u00e9alis\u00e9es lors de nos pr\u00e9c\u00e9dents ateliers, et apprenez \u00e0 votre rythme gr\u00e2ce \u00e0 nos tutoriels et projets \u00e0 faire soi-m\u00eame. Chaque activit\u00e9 est une opportunit\u00e9 de d\u00e9velopper de nouvelles comp\u00e9tences et de faire des rencontres inoubliables.<\/p>\n<p>[\/et_pb_text][et_pb_button button_url=\u00a0\u00bbhttps:\/\/mauri-monasterium.com\/index.php\/category\/experiences-ateliers-rencontres\/\u00a0\u00bb button_text=\u00a0\u00bbParticiper\u00a0\u00bb button_alignment=\u00a0\u00bbright\u00a0\u00bb _builder_version=\u00a0\u00bb4.27.0&Prime; _module_preset=\u00a0\u00bbdefault\u00a0\u00bb background_layout=\u00a0\u00bbdark\u00a0\u00bb global_colors_info=\u00a0\u00bb{}\u00a0\u00bb][\/et_pb_button][\/et_pb_column][\/et_pb_row][\/et_pb_section][et_pb_section fb_built=\u00a0\u00bb1&Prime; disabled_on=\u00a0\u00bboff|on|on\u00a0\u00bb admin_label=\u00a0\u00bbtexte experiences\u00a0\u00bb _builder_version=\u00a0\u00bb4.27.2&Prime; _module_preset=\u00a0\u00bbdefault\u00a0\u00bb custom_margin=\u00a0\u00bb0px||0px||false|false\u00a0\u00bb custom_padding=\u00a0\u00bb||1px||false|false\u00a0\u00bb global_colors_info=\u00a0\u00bb{}\u00a0\u00bb][et_pb_row column_structure=\u00a0\u00bb3_5,2_5&Prime; disabled_on=\u00a0\u00bboff|on|on\u00a0\u00bb _builder_version=\u00a0\u00bb4.27.2&Prime; _module_preset=\u00a0\u00bbdefault\u00a0\u00bb global_colors_info=\u00a0\u00bb{}\u00a0\u00bb][et_pb_column type=\u00a0\u00bb3_5&Prime; _builder_version=\u00a0\u00bb4.26.0&Prime; _module_preset=\u00a0\u00bbdefault\u00a0\u00bb global_colors_info=\u00a0\u00bb{}\u00a0\u00bb][\/et_pb_column][et_pb_column type=\u00a0\u00bb2_5&Prime; _builder_version=\u00a0\u00bb4.26.0&Prime; _module_preset=\u00a0\u00bbdefault\u00a0\u00bb global_colors_info=\u00a0\u00bb{}\u00a0\u00bb][et_pb_heading title=\u00a0\u00bbExp\u00e9riences, ateliers et rencontres\u00a0\u00bb _builder_version=\u00a0\u00bb4.27.2&Prime; _module_preset=\u00a0\u00bbdefault\u00a0\u00bb title_font=\u00a0\u00bbEB Garamond||||||||\u00a0\u00bb title_text_align=\u00a0\u00bbleft\u00a0\u00bb global_colors_info=\u00a0\u00bb{}\u00a0\u00bb][\/et_pb_heading][et_pb_image src=\u00a0\u00bbhttps:\/\/mauri-monasterium.com\/wp-content\/uploads\/2024\/07\/hillary-ungson-TdpSX7XAcKo-unsplash.jpg\u00a0\u00bb alt=\u00a0\u00bbfemmes participant \u00e0 un atelier cr\u00e9atif\u00a0\u00bb title_text=\u00a0\u00bbhillary-ungson-TdpSX7XAcKo-unsplash\u00a0\u00bb url=\u00a0\u00bbhttps:\/\/mauri-monasterium.com\/index.php\/category\/experiences-ateliers-rencontres\/\u00a0\u00bb _builder_version=\u00a0\u00bb4.27.0&Prime; _module_preset=\u00a0\u00bbdefault\u00a0\u00bb global_colors_info=\u00a0\u00bb{}\u00a0\u00bb][\/et_pb_image][et_pb_heading title=\u00a0\u00bbParticipez, apprenez et partagez dans un cadre inspirant.\u00a0\u00bb _builder_version=\u00a0\u00bb4.26.0&Prime; _module_preset=\u00a0\u00bbdefault\u00a0\u00bb title_level=\u00a0\u00bbh4&Prime; title_font=\u00a0\u00bbEB Garamond|||on|||||\u00a0\u00bb title_text_align=\u00a0\u00bbleft\u00a0\u00bb title_text_color=\u00a0\u00bb#c8102e\u00a0\u00bb title_font_size=\u00a0\u00bb18px\u00a0\u00bb title_letter_spacing=\u00a0\u00bb6px\u00a0\u00bb title_line_height=\u00a0\u00bb1.2em\u00a0\u00bb global_colors_info=\u00a0\u00bb{}\u00a0\u00bb][\/et_pb_heading][et_pb_text _builder_version=\u00a0\u00bb4.26.0&Prime; _module_preset=\u00a0\u00bbdefault\u00a0\u00bb global_colors_info=\u00a0\u00bb{}\u00a0\u00bb]<\/p>\n<p style=\"text-align: justify;\">Vivez des moments enrichissants gr\u00e2ce \u00e0 <a href=\"https:\/\/mauri-monasterium.com\/index.php\/category\/experiences-ateliers-rencontres\/\">nos ateliers et rencontres<\/a>. Jetez un \u0153il \u00e0 notre calendrier pour choisir les sessions cr\u00e9atives et p\u00e9dagogiques qui vous int\u00e9ressent. Utilisez notre syst\u00e8me de r\u00e9servation en ligne pour vous inscrire facilement, explorez les cr\u00e9ations r\u00e9alis\u00e9es lors de nos pr\u00e9c\u00e9dents ateliers, et apprenez \u00e0 votre rythme gr\u00e2ce \u00e0 nos tutoriels et projets \u00e0 faire soi-m\u00eame. Chaque activit\u00e9 est une opportunit\u00e9 de d\u00e9velopper de nouvelles comp\u00e9tences et de faire des rencontres inoubliables.<\/p>\n<p>[\/et_pb_text][et_pb_button button_url=\u00a0\u00bbhttps:\/\/mauri-monasterium.com\/index.php\/category\/experiences-ateliers-rencontres\/\u00a0\u00bb button_text=\u00a0\u00bbParticiper\u00a0\u00bb button_alignment=\u00a0\u00bbright\u00a0\u00bb _builder_version=\u00a0\u00bb4.27.0&Prime; _module_preset=\u00a0\u00bbdefault\u00a0\u00bb background_layout=\u00a0\u00bbdark\u00a0\u00bb global_colors_info=\u00a0\u00bb{}\u00a0\u00bb][\/et_pb_button][\/et_pb_column][\/et_pb_row][\/et_pb_section][et_pb_section fb_built=\u00a0\u00bb1&Prime; disabled_on=\u00a0\u00bbon|off|off\u00a0\u00bb admin_label=\u00a0\u00bbtexte nature\u00a0\u00bb _builder_version=\u00a0\u00bb4.27.2&Prime; _module_preset=\u00a0\u00bbdefault\u00a0\u00bb custom_margin=\u00a0\u00bb50px||||false|false\u00a0\u00bb custom_padding=\u00a0\u00bb0px||||false|false\u00a0\u00bb global_colors_info=\u00a0\u00bb{}\u00a0\u00bb][et_pb_row disabled_on=\u00a0\u00bbon|off|off\u00a0\u00bb _builder_version=\u00a0\u00bb4.27.2&Prime; _module_preset=\u00a0\u00bbdefault\u00a0\u00bb global_colors_info=\u00a0\u00bb{}\u00a0\u00bb][et_pb_column type=\u00a0\u00bb4_4&Prime; _builder_version=\u00a0\u00bb4.27.2&Prime; _module_preset=\u00a0\u00bbdefault\u00a0\u00bb global_colors_info=\u00a0\u00bb{}\u00a0\u00bb][et_pb_heading title=\u00a0\u00bbNature et d\u00e9couverte\u00a0\u00bb disabled_on=\u00a0\u00bbon|off|off\u00a0\u00bb _builder_version=\u00a0\u00bb4.27.2&Prime; _module_preset=\u00a0\u00bbdefault\u00a0\u00bb title_font=\u00a0\u00bbEB Garamond||||||||\u00a0\u00bb title_text_align=\u00a0\u00bbleft\u00a0\u00bb global_colors_info=\u00a0\u00bb{}\u00a0\u00bb][\/et_pb_heading][\/et_pb_column][\/et_pb_row][et_pb_row column_structure=\u00a0\u00bb1_3,2_3&Prime; _builder_version=\u00a0\u00bb4.26.0&Prime; _module_preset=\u00a0\u00bbdefault\u00a0\u00bb global_colors_info=\u00a0\u00bb{}\u00a0\u00bb][et_pb_column type=\u00a0\u00bb1_3&Prime; _builder_version=\u00a0\u00bb4.26.0&Prime; _module_preset=\u00a0\u00bbdefault\u00a0\u00bb global_colors_info=\u00a0\u00bb{}\u00a0\u00bb][et_pb_heading title=\u00a0\u00bb\u00c9vadez-vous dans la splendeur naturelle de l&rsquo;Alsace.\u00a0\u00bb _builder_version=\u00a0\u00bb4.26.0&Prime; _module_preset=\u00a0\u00bbdefault\u00a0\u00bb title_level=\u00a0\u00bbh4&Prime; title_font=\u00a0\u00bbEB Garamond|||on|||||\u00a0\u00bb title_text_align=\u00a0\u00bbright\u00a0\u00bb title_text_color=\u00a0\u00bb#c8102e\u00a0\u00bb title_font_size=\u00a0\u00bb18px\u00a0\u00bb title_letter_spacing=\u00a0\u00bb6px\u00a0\u00bb title_line_height=\u00a0\u00bb1.2em\u00a0\u00bb global_colors_info=\u00a0\u00bb{}\u00a0\u00bb][\/et_pb_heading][et_pb_text _builder_version=\u00a0\u00bb4.26.0&Prime; _module_preset=\u00a0\u00bbdefault\u00a0\u00bb global_colors_info=\u00a0\u00bb{}\u00a0\u00bb]<\/p>\n<p style=\"text-align: justify;\">Laissez-vous captiver par la beaut\u00e9 naturelle de l&rsquo;Alsace avec notre <a href=\"https:\/\/mauri-monasterium.com\/index.php\/category\/nature-et-decouverte\/\">section Nature et D\u00e9couvertes<\/a>. Parcourez nos sentiers de randonn\u00e9e d\u00e9taill\u00e9s, lancez-vous dans des aventures de cyclotourisme \u00e0 travers des paysages magnifiques, d\u00e9couvrez le plaisir unique du vanlife et du camping, et admirez le riche patrimoine architectural de notre r\u00e9gion. Explorez \u00e9galement la diversit\u00e9 de notre faune et flore, go\u00fbtez \u00e0 la gastronomie et l&rsquo;\u0153nologie locale et surtout, ne ratez pas notre programme riche en \u00e9v\u00e9nements musicaux et culturels.<\/p>\n<p>[\/et_pb_text][et_pb_button button_url=\u00a0\u00bbhttps:\/\/mauri-monasterium.com\/index.php\/category\/nature-et-decouverte\/\u00a0\u00bb button_text=\u00a0\u00bbS&rsquo;\u00e9vader\u00a0\u00bb button_alignment=\u00a0\u00bbright\u00a0\u00bb _builder_version=\u00a0\u00bb4.27.0&Prime; _module_preset=\u00a0\u00bbdefault\u00a0\u00bb background_layout=\u00a0\u00bbdark\u00a0\u00bb global_colors_info=\u00a0\u00bb{}\u00a0\u00bb][\/et_pb_button][\/et_pb_column][et_pb_column type=\u00a0\u00bb2_3&Prime; _builder_version=\u00a0\u00bb4.26.0&Prime; _module_preset=\u00a0\u00bbdefault\u00a0\u00bb global_colors_info=\u00a0\u00bb{}\u00a0\u00bb][et_pb_image src=\u00a0\u00bbhttps:\/\/mauri-monasterium.com\/wp-content\/uploads\/2024\/07\/IMG_0452-scaled.jpg\u00a0\u00bb alt=\u00a0\u00bbphoto prise au sommet de Heidenkopf, \u00e0 Wingen-sur-Moder\u00a0\u00bb title_text=\u00a0\u00bbheidenkopf-wingen-sur-moder\u00a0\u00bb url=\u00a0\u00bbhttps:\/\/mauri-monasterium.com\/index.php\/category\/nature-et-decouverte\/\u00a0\u00bb _builder_version=\u00a0\u00bb4.27.0&Prime; _module_preset=\u00a0\u00bbdefault\u00a0\u00bb global_colors_info=\u00a0\u00bb{}\u00a0\u00bb][\/et_pb_image][\/et_pb_column][\/et_pb_row][\/et_pb_section][et_pb_section fb_built=\u00a0\u00bb1&Prime; disabled_on=\u00a0\u00bboff|on|on\u00a0\u00bb admin_label=\u00a0\u00bbtexte nature\u00a0\u00bb _builder_version=\u00a0\u00bb4.27.2&Prime; _module_preset=\u00a0\u00bbdefault\u00a0\u00bb custom_margin=\u00a0\u00bb0px||||false|false\u00a0\u00bb custom_padding=\u00a0\u00bb0px||||false|false\u00a0\u00bb global_colors_info=\u00a0\u00bb{}\u00a0\u00bb][et_pb_row column_structure=\u00a0\u00bb1_3,2_3&Prime; _builder_version=\u00a0\u00bb4.27.2&Prime; _module_preset=\u00a0\u00bbdefault\u00a0\u00bb custom_margin=\u00a0\u00bb0px||||false|false\u00a0\u00bb custom_margin_tablet=\u00a0\u00bb0px||||false|false\u00a0\u00bb custom_margin_phone=\u00a0\u00bb0px||||false|false\u00a0\u00bb custom_margin_last_edited=\u00a0\u00bbon|phone\u00a0\u00bb global_colors_info=\u00a0\u00bb{}\u00a0\u00bb][et_pb_column type=\u00a0\u00bb1_3&Prime; _builder_version=\u00a0\u00bb4.26.0&Prime; _module_preset=\u00a0\u00bbdefault\u00a0\u00bb global_colors_info=\u00a0\u00bb{}\u00a0\u00bb][et_pb_heading title=\u00a0\u00bbNature et d\u00e9couverte\u00a0\u00bb disabled_on=\u00a0\u00bboff|on|on\u00a0\u00bb _builder_version=\u00a0\u00bb4.27.2&Prime; _module_preset=\u00a0\u00bbdefault\u00a0\u00bb title_font=\u00a0\u00bbEB Garamond||||||||\u00a0\u00bb title_text_align=\u00a0\u00bbleft\u00a0\u00bb global_colors_info=\u00a0\u00bb{}\u00a0\u00bb][\/et_pb_heading][et_pb_image src=\u00a0\u00bbhttps:\/\/mauri-monasterium.com\/wp-content\/uploads\/2024\/07\/IMG_0452-scaled.jpg\u00a0\u00bb alt=\u00a0\u00bbphoto prise au sommet de Heidenkopf, \u00e0 Wingen-sur-Moder\u00a0\u00bb title_text=\u00a0\u00bbheidenkopf-wingen-sur-moder\u00a0\u00bb url=\u00a0\u00bbhttps:\/\/mauri-monasterium.com\/index.php\/category\/nature-et-decouverte\/\u00a0\u00bb _builder_version=\u00a0\u00bb4.27.0&Prime; _module_preset=\u00a0\u00bbdefault\u00a0\u00bb global_colors_info=\u00a0\u00bb{}\u00a0\u00bb][\/et_pb_image][et_pb_heading title=\u00a0\u00bb\u00c9vadez-vous dans la splendeur naturelle de l&rsquo;Alsace.\u00a0\u00bb _builder_version=\u00a0\u00bb4.26.0&Prime; _module_preset=\u00a0\u00bbdefault\u00a0\u00bb title_level=\u00a0\u00bbh4&Prime; title_font=\u00a0\u00bbEB Garamond|||on|||||\u00a0\u00bb title_text_align=\u00a0\u00bbright\u00a0\u00bb title_text_color=\u00a0\u00bb#c8102e\u00a0\u00bb title_font_size=\u00a0\u00bb18px\u00a0\u00bb title_letter_spacing=\u00a0\u00bb6px\u00a0\u00bb title_line_height=\u00a0\u00bb1.2em\u00a0\u00bb global_colors_info=\u00a0\u00bb{}\u00a0\u00bb][\/et_pb_heading][et_pb_text _builder_version=\u00a0\u00bb4.26.0&Prime; _module_preset=\u00a0\u00bbdefault\u00a0\u00bb global_colors_info=\u00a0\u00bb{}\u00a0\u00bb]<\/p>\n<p style=\"text-align: justify;\">Laissez-vous captiver par la beaut\u00e9 naturelle de l&rsquo;Alsace avec notre <a href=\"https:\/\/mauri-monasterium.com\/index.php\/category\/nature-et-decouverte\/\">section Nature et D\u00e9couvertes<\/a>. Parcourez nos sentiers de randonn\u00e9e d\u00e9taill\u00e9s, lancez-vous dans des aventures de cyclotourisme \u00e0 travers des paysages magnifiques, d\u00e9couvrez le plaisir unique du vanlife et du camping, et admirez le riche patrimoine architectural de notre r\u00e9gion. Explorez \u00e9galement la diversit\u00e9 de notre faune et flore, go\u00fbtez \u00e0 la gastronomie et l&rsquo;\u0153nologie locale et surtout, ne ratez pas notre programme riche en \u00e9v\u00e9nements musicaux et culturels.<\/p>\n<p>[\/et_pb_text][et_pb_button button_url=\u00a0\u00bbhttps:\/\/mauri-monasterium.com\/index.php\/category\/nature-et-decouverte\/\u00a0\u00bb button_text=\u00a0\u00bbS&rsquo;\u00e9vader\u00a0\u00bb button_alignment=\u00a0\u00bbright\u00a0\u00bb _builder_version=\u00a0\u00bb4.27.0&Prime; _module_preset=\u00a0\u00bbdefault\u00a0\u00bb background_layout=\u00a0\u00bbdark\u00a0\u00bb global_colors_info=\u00a0\u00bb{}\u00a0\u00bb][\/et_pb_button][\/et_pb_column][et_pb_column type=\u00a0\u00bb2_3&Prime; _builder_version=\u00a0\u00bb4.26.0&Prime; _module_preset=\u00a0\u00bbdefault\u00a0\u00bb global_colors_info=\u00a0\u00bb{}\u00a0\u00bb][\/et_pb_column][\/et_pb_row][\/et_pb_section][et_pb_section fb_built=\u00a0\u00bb1&Prime; disabled_on=\u00a0\u00bbon|off|off\u00a0\u00bb admin_label=\u00a0\u00bbtexte experiences\u00a0\u00bb _builder_version=\u00a0\u00bb4.27.2&Prime; _module_preset=\u00a0\u00bbdefault\u00a0\u00bb global_colors_info=\u00a0\u00bb{}\u00a0\u00bb][et_pb_row _builder_version=\u00a0\u00bb4.26.0&Prime; _module_preset=\u00a0\u00bbdefault\u00a0\u00bb global_colors_info=\u00a0\u00bb{}\u00a0\u00bb][et_pb_column type=\u00a0\u00bb4_4&Prime; _builder_version=\u00a0\u00bb4.26.0&Prime; _module_preset=\u00a0\u00bbdefault\u00a0\u00bb global_colors_info=\u00a0\u00bb{}\u00a0\u00bb][et_pb_heading title=\u00a0\u00bbS\u00e9jours et H\u00e9bergements\u00a0\u00bb _builder_version=\u00a0\u00bb4.27.2&Prime; _module_preset=\u00a0\u00bbdefault\u00a0\u00bb title_font=\u00a0\u00bbEB Garamond||||||||\u00a0\u00bb title_text_align=\u00a0\u00bbleft\u00a0\u00bb global_colors_info=\u00a0\u00bb{}\u00a0\u00bb][\/et_pb_heading][\/et_pb_column][\/et_pb_row][et_pb_row column_structure=\u00a0\u00bb3_5,2_5&Prime; _builder_version=\u00a0\u00bb4.26.0&Prime; _module_preset=\u00a0\u00bbdefault\u00a0\u00bb global_colors_info=\u00a0\u00bb{}\u00a0\u00bb][et_pb_column type=\u00a0\u00bb3_5&Prime; _builder_version=\u00a0\u00bb4.26.0&Prime; _module_preset=\u00a0\u00bbdefault\u00a0\u00bb global_colors_info=\u00a0\u00bb{}\u00a0\u00bb][et_pb_image src=\u00a0\u00bbhttps:\/\/mauri-monasterium.com\/wp-content\/uploads\/2024\/07\/mauri-monasterium-voute.jpg\u00a0\u00bb alt=\u00a0\u00bbd\u00e9tail de mauri monasterium avec vo\u00fbte en pierre de taille (gr\u00e8s)\u00a0\u00bb title_text=\u00a0\u00bbmauri-monasterium-voute\u00a0\u00bb url=\u00a0\u00bbhttps:\/\/mauri-monasterium.com\/index.php\/category\/sejours-hebergements\/\u00a0\u00bb _builder_version=\u00a0\u00bb4.27.0&Prime; _module_preset=\u00a0\u00bbdefault\u00a0\u00bb global_colors_info=\u00a0\u00bb{}\u00a0\u00bb][\/et_pb_image][\/et_pb_column][et_pb_column type=\u00a0\u00bb2_5&Prime; _builder_version=\u00a0\u00bb4.26.0&Prime; _module_preset=\u00a0\u00bbdefault\u00a0\u00bb global_colors_info=\u00a0\u00bb{}\u00a0\u00bb][et_pb_heading title=\u00a0\u00bbVotre havre de paix, entre tradition et confort.\u00a0\u00bb _builder_version=\u00a0\u00bb4.26.0&Prime; _module_preset=\u00a0\u00bbdefault\u00a0\u00bb title_level=\u00a0\u00bbh4&Prime; title_font=\u00a0\u00bbEB Garamond|||on|||||\u00a0\u00bb title_text_align=\u00a0\u00bbleft\u00a0\u00bb title_text_color=\u00a0\u00bb#c8102e\u00a0\u00bb title_font_size=\u00a0\u00bb18px\u00a0\u00bb title_letter_spacing=\u00a0\u00bb6px\u00a0\u00bb title_line_height=\u00a0\u00bb1.2em\u00a0\u00bb global_colors_info=\u00a0\u00bb{}\u00a0\u00bb][\/et_pb_heading][et_pb_text _builder_version=\u00a0\u00bb4.26.0&Prime; _module_preset=\u00a0\u00bbdefault\u00a0\u00bb global_colors_info=\u00a0\u00bb{}\u00a0\u00bb]<\/p>\n<p style=\"text-align: justify;\">Trouvez votre parfait refuge dans nos studios \u00e0 Marmoutier, con\u00e7us pour allier confort et tradition. Visitez la <a href=\"https:\/\/mauri-monasterium.com\/index.php\/category\/sejours-hebergements\/\">section \u00ab\u00a0Nos Studios\u00a0\u00bb<\/a> pour choisir votre h\u00e9bergement id\u00e9al, utilisez notre syst\u00e8me de r\u00e9servation pour s\u00e9curiser votre s\u00e9jour, et lisez les T\u00e9moignages de nos visiteurs pour vous faire une id\u00e9e de leur exp\u00e9rience. D\u00e9couvrez \u00e9galement les services et commodit\u00e9s offerts, les activit\u00e9s \u00e0 proximit\u00e9 pour enrichir votre s\u00e9jour, et profitez de nos Offres sp\u00e9ciales.<\/p>\n<p>[\/et_pb_text][et_pb_button button_url=\u00a0\u00bbhttps:\/\/mauri-monasterium.com\/index.php\/category\/sejours-hebergements\/\u00a0\u00bb button_text=\u00a0\u00bbSe Reposer\u00a0\u00bb button_alignment=\u00a0\u00bbright\u00a0\u00bb _builder_version=\u00a0\u00bb4.27.0&Prime; _module_preset=\u00a0\u00bbdefault\u00a0\u00bb background_layout=\u00a0\u00bbdark\u00a0\u00bb global_colors_info=\u00a0\u00bb{}\u00a0\u00bb][\/et_pb_button][\/et_pb_column][\/et_pb_row][\/et_pb_section][et_pb_section fb_built=\u00a0\u00bb1&Prime; disabled_on=\u00a0\u00bboff|on|on\u00a0\u00bb admin_label=\u00a0\u00bbtexte experiences\u00a0\u00bb _builder_version=\u00a0\u00bb4.27.2&Prime; _module_preset=\u00a0\u00bbdefault\u00a0\u00bb global_colors_info=\u00a0\u00bb{}\u00a0\u00bb][et_pb_row column_structure=\u00a0\u00bb3_5,2_5&Prime; _builder_version=\u00a0\u00bb4.26.0&Prime; _module_preset=\u00a0\u00bbdefault\u00a0\u00bb global_colors_info=\u00a0\u00bb{}\u00a0\u00bb][et_pb_column type=\u00a0\u00bb3_5&Prime; _builder_version=\u00a0\u00bb4.26.0&Prime; _module_preset=\u00a0\u00bbdefault\u00a0\u00bb global_colors_info=\u00a0\u00bb{}\u00a0\u00bb][\/et_pb_column][et_pb_column type=\u00a0\u00bb2_5&Prime; _builder_version=\u00a0\u00bb4.26.0&Prime; _module_preset=\u00a0\u00bbdefault\u00a0\u00bb global_colors_info=\u00a0\u00bb{}\u00a0\u00bb][et_pb_heading title=\u00a0\u00bbS\u00e9jours et H\u00e9bergements\u00a0\u00bb _builder_version=\u00a0\u00bb4.26.0&Prime; _module_preset=\u00a0\u00bbdefault\u00a0\u00bb title_font=\u00a0\u00bbEB Garamond||||||||\u00a0\u00bb title_text_align=\u00a0\u00bbcenter\u00a0\u00bb global_colors_info=\u00a0\u00bb{}\u00a0\u00bb][\/et_pb_heading][et_pb_image src=\u00a0\u00bbhttps:\/\/mauri-monasterium.com\/wp-content\/uploads\/2024\/07\/mauri-monasterium-voute.jpg\u00a0\u00bb alt=\u00a0\u00bbd\u00e9tail de mauri monasterium avec vo\u00fbte en pierre de taille (gr\u00e8s)\u00a0\u00bb title_text=\u00a0\u00bbmauri-monasterium-voute\u00a0\u00bb url=\u00a0\u00bbhttps:\/\/mauri-monasterium.com\/index.php\/category\/sejours-hebergements\/\u00a0\u00bb _builder_version=\u00a0\u00bb4.27.0&Prime; _module_preset=\u00a0\u00bbdefault\u00a0\u00bb global_colors_info=\u00a0\u00bb{}\u00a0\u00bb][\/et_pb_image][et_pb_heading title=\u00a0\u00bbVotre havre de paix, entre tradition et confort.\u00a0\u00bb _builder_version=\u00a0\u00bb4.26.0&Prime; _module_preset=\u00a0\u00bbdefault\u00a0\u00bb title_level=\u00a0\u00bbh4&Prime; title_font=\u00a0\u00bbEB Garamond|||on|||||\u00a0\u00bb title_text_align=\u00a0\u00bbleft\u00a0\u00bb title_text_color=\u00a0\u00bb#c8102e\u00a0\u00bb title_font_size=\u00a0\u00bb18px\u00a0\u00bb title_letter_spacing=\u00a0\u00bb6px\u00a0\u00bb title_line_height=\u00a0\u00bb1.2em\u00a0\u00bb global_colors_info=\u00a0\u00bb{}\u00a0\u00bb][\/et_pb_heading][et_pb_text _builder_version=\u00a0\u00bb4.26.0&Prime; _module_preset=\u00a0\u00bbdefault\u00a0\u00bb global_colors_info=\u00a0\u00bb{}\u00a0\u00bb]<\/p>\n<p style=\"text-align: justify;\">Trouvez votre parfait refuge dans nos studios \u00e0 Marmoutier, con\u00e7us pour allier confort et tradition. Visitez la <a href=\"https:\/\/mauri-monasterium.com\/index.php\/category\/sejours-hebergements\/\">section \u00ab\u00a0Nos Studios\u00a0\u00bb<\/a> pour choisir votre h\u00e9bergement id\u00e9al, utilisez notre syst\u00e8me de r\u00e9servation pour s\u00e9curiser votre s\u00e9jour, et lisez les T\u00e9moignages de nos visiteurs pour vous faire une id\u00e9e de leur exp\u00e9rience. D\u00e9couvrez \u00e9galement les services et commodit\u00e9s offerts, les activit\u00e9s \u00e0 proximit\u00e9 pour enrichir votre s\u00e9jour, et profitez de nos Offres sp\u00e9ciales.<\/p>\n<p>[\/et_pb_text][et_pb_button button_url=\u00a0\u00bbhttps:\/\/mauri-monasterium.com\/index.php\/category\/sejours-hebergements\/\u00a0\u00bb button_text=\u00a0\u00bbSe Reposer\u00a0\u00bb button_alignment=\u00a0\u00bbright\u00a0\u00bb _builder_version=\u00a0\u00bb4.27.0&Prime; _module_preset=\u00a0\u00bbdefault\u00a0\u00bb background_layout=\u00a0\u00bbdark\u00a0\u00bb global_colors_info=\u00a0\u00bb{}\u00a0\u00bb][\/et_pb_button][\/et_pb_column][\/et_pb_row][\/et_pb_section]<\/p>\n<p><a href=\"\/\/www.pinterest.com\/pin\/create\/button\/\" data-pin-do=\"buttonBookmark\" data-pin-color=\"red\" data-pin-height=\"128\"><img data-recalc-dims=\"1\" decoding=\"async\" src=\"https:\/\/i0.wp.com\/assets.pinterest.com\/images\/pidgets\/pinit_fg_en_rect_red_28.png?w=1080\" \/><\/a><\/p>","protected":false},"excerpt":{"rendered":"<p>Pour d\u00e9couvrir l&rsquo;Alsace passionn\u00e9ment Tim &amp; Time commencent en vous souhaitant la Bienvenue!Ici Tim et Time, nous habitons ici, en Alsace et particuli\u00e8rement dans le Parc R\u00e9gional des Vosges du Nord. Notre m\u00e9tier: vous accueillir pour une nuit ou pour une semaine &#8230; nous aimons cela, et nous aimons encore plus particuli\u00e8rement vous faire partager [&hellip;]<\/p>\n","protected":false},"author":1,"featured_media":0,"parent":0,"menu_order":0,"comment_status":"closed","ping_status":"closed","template":"page-template-fullwidth.php","meta":{"_et_pb_use_builder":"on","_et_pb_old_content":"","_et_gb_content_width":"","footnotes":""},"class_list":["post-183","page","type-page","status-publish","hentry"],"yoast_head":"<!-- This site is optimized with the Yoast SEO plugin v27.5 - https:\/\/yoast.com\/product\/yoast-seo-wordpress\/ -->\n<title>D\u00e9couvrir l&#039;Alsace passionn\u00e9ment<\/title>\n<meta name=\"description\" content=\"E-magazine de Tim et Time, habitants, explorateurs et reporters pour d\u00e9couvrir l&#039;Alsace passionn\u00e9ment, avec le territoire des Vosges du Nord.\" \/>\n<meta name=\"robots\" content=\"index, follow, max-snippet:-1, max-image-preview:large, max-video-preview:-1\" \/>\n<link rel=\"canonical\" href=\"https:\/\/mauri-monasterium.com\/index.php\/page-accueil-decouvrir-alsace-passionnement\/\" \/>\n<meta property=\"og:locale\" content=\"fr_FR\" \/>\n<meta property=\"og:type\" content=\"article\" \/>\n<meta property=\"og:title\" content=\"D\u00e9couvrir l&#039;Alsace passionn\u00e9ment\" \/>\n<meta property=\"og:description\" content=\"E-magazine de Tim et Time, habitants, explorateurs et reporters pour d\u00e9couvrir l&#039;Alsace passionn\u00e9ment, avec le territoire des Vosges du Nord.\" \/>\n<meta property=\"og:url\" content=\"https:\/\/mauri-monasterium.com\/index.php\/page-accueil-decouvrir-alsace-passionnement\/\" \/>\n<meta property=\"og:site_name\" content=\"Mauri Monasterium\" \/>\n<meta property=\"article:publisher\" content=\"https:\/\/www.facebook.com\/people\/Mauri-Monasterium-par-Tim-et-Time\/61563848182254\/\" \/>\n<meta property=\"article:modified_time\" content=\"2025-02-27T15:31:39+00:00\" \/>\n<meta name=\"twitter:card\" content=\"summary_large_image\" \/>\n<meta name=\"twitter:label1\" content=\"Dur\u00e9e de lecture estim\u00e9e\" \/>\n\t<meta name=\"twitter:data1\" content=\"4 minutes\" \/>\n<script type=\"application\/ld+json\" class=\"yoast-schema-graph\">{\"@context\":\"https:\\\/\\\/schema.org\",\"@graph\":[{\"@type\":\"WebPage\",\"@id\":\"https:\\\/\\\/mauri-monasterium.com\\\/index.php\\\/page-accueil-decouvrir-alsace-passionnement\\\/\",\"url\":\"https:\\\/\\\/mauri-monasterium.com\\\/index.php\\\/page-accueil-decouvrir-alsace-passionnement\\\/\",\"name\":\"D\u00e9couvrir l'Alsace passionn\u00e9ment\",\"isPartOf\":{\"@id\":\"https:\\\/\\\/mauri-monasterium.com\\\/#website\"},\"datePublished\":\"2024-07-08T05:30:18+00:00\",\"dateModified\":\"2025-02-27T15:31:39+00:00\",\"description\":\"E-magazine de Tim et Time, habitants, explorateurs et reporters pour d\u00e9couvrir l'Alsace passionn\u00e9ment, avec le territoire des Vosges du Nord.\",\"breadcrumb\":{\"@id\":\"https:\\\/\\\/mauri-monasterium.com\\\/index.php\\\/page-accueil-decouvrir-alsace-passionnement\\\/#breadcrumb\"},\"inLanguage\":\"fr-FR\",\"potentialAction\":[{\"@type\":\"ReadAction\",\"target\":[\"https:\\\/\\\/mauri-monasterium.com\\\/index.php\\\/page-accueil-decouvrir-alsace-passionnement\\\/\"]}]},{\"@type\":\"BreadcrumbList\",\"@id\":\"https:\\\/\\\/mauri-monasterium.com\\\/index.php\\\/page-accueil-decouvrir-alsace-passionnement\\\/#breadcrumb\",\"itemListElement\":[{\"@type\":\"ListItem\",\"position\":1,\"name\":\"Accueil\",\"item\":\"https:\\\/\\\/mauri-monasterium.com\\\/\"},{\"@type\":\"ListItem\",\"position\":2,\"name\":\"Page d&#8217;accueil\"}]},{\"@type\":\"WebSite\",\"@id\":\"https:\\\/\\\/mauri-monasterium.com\\\/#website\",\"url\":\"https:\\\/\\\/mauri-monasterium.com\\\/\",\"name\":\"Mauri Monasterium Alsace, avec Tim et Time\",\"description\":\"L&#039;Alsace en d\u00e9couverte, passionn\u00e9ment.\",\"publisher\":{\"@id\":\"https:\\\/\\\/mauri-monasterium.com\\\/#organization\"},\"potentialAction\":[{\"@type\":\"SearchAction\",\"target\":{\"@type\":\"EntryPoint\",\"urlTemplate\":\"https:\\\/\\\/mauri-monasterium.com\\\/?s={search_term_string}\"},\"query-input\":{\"@type\":\"PropertyValueSpecification\",\"valueRequired\":true,\"valueName\":\"search_term_string\"}}],\"inLanguage\":\"fr-FR\"},{\"@type\":\"Organization\",\"@id\":\"https:\\\/\\\/mauri-monasterium.com\\\/#organization\",\"name\":\"Mauri Monasterium Alsace, avec Tim et Time\",\"url\":\"https:\\\/\\\/mauri-monasterium.com\\\/\",\"logo\":{\"@type\":\"ImageObject\",\"inLanguage\":\"fr-FR\",\"@id\":\"https:\\\/\\\/mauri-monasterium.com\\\/#\\\/schema\\\/logo\\\/image\\\/\",\"url\":\"https:\\\/\\\/i0.wp.com\\\/mauri-monasterium.com\\\/wp-content\\\/uploads\\\/2024\\\/07\\\/logo-Mauri-Monasterium-1.jpg?fit=250%2C150&ssl=1\",\"contentUrl\":\"https:\\\/\\\/i0.wp.com\\\/mauri-monasterium.com\\\/wp-content\\\/uploads\\\/2024\\\/07\\\/logo-Mauri-Monasterium-1.jpg?fit=250%2C150&ssl=1\",\"width\":250,\"height\":150,\"caption\":\"Mauri Monasterium Alsace, avec Tim et Time\"},\"image\":{\"@id\":\"https:\\\/\\\/mauri-monasterium.com\\\/#\\\/schema\\\/logo\\\/image\\\/\"},\"sameAs\":[\"https:\\\/\\\/www.facebook.com\\\/people\\\/Mauri-Monasterium-par-Tim-et-Time\\\/61563848182254\\\/\"]}]}<\/script>\n<!-- \/ Yoast SEO plugin. -->","yoast_head_json":{"title":"D\u00e9couvrir l'Alsace passionn\u00e9ment","description":"E-magazine de Tim et Time, habitants, explorateurs et reporters pour d\u00e9couvrir l'Alsace passionn\u00e9ment, avec le territoire des Vosges du Nord.","robots":{"index":"index","follow":"follow","max-snippet":"max-snippet:-1","max-image-preview":"max-image-preview:large","max-video-preview":"max-video-preview:-1"},"canonical":"https:\/\/mauri-monasterium.com\/index.php\/page-accueil-decouvrir-alsace-passionnement\/","og_locale":"fr_FR","og_type":"article","og_title":"D\u00e9couvrir l'Alsace passionn\u00e9ment","og_description":"E-magazine de Tim et Time, habitants, explorateurs et reporters pour d\u00e9couvrir l'Alsace passionn\u00e9ment, avec le territoire des Vosges du Nord.","og_url":"https:\/\/mauri-monasterium.com\/index.php\/page-accueil-decouvrir-alsace-passionnement\/","og_site_name":"Mauri Monasterium","article_publisher":"https:\/\/www.facebook.com\/people\/Mauri-Monasterium-par-Tim-et-Time\/61563848182254\/","article_modified_time":"2025-02-27T15:31:39+00:00","twitter_card":"summary_large_image","twitter_misc":{"Dur\u00e9e de lecture estim\u00e9e":"4 minutes"},"schema":{"@context":"https:\/\/schema.org","@graph":[{"@type":"WebPage","@id":"https:\/\/mauri-monasterium.com\/index.php\/page-accueil-decouvrir-alsace-passionnement\/","url":"https:\/\/mauri-monasterium.com\/index.php\/page-accueil-decouvrir-alsace-passionnement\/","name":"D\u00e9couvrir l'Alsace passionn\u00e9ment","isPartOf":{"@id":"https:\/\/mauri-monasterium.com\/#website"},"datePublished":"2024-07-08T05:30:18+00:00","dateModified":"2025-02-27T15:31:39+00:00","description":"E-magazine de Tim et Time, habitants, explorateurs et reporters pour d\u00e9couvrir l'Alsace passionn\u00e9ment, avec le territoire des Vosges du Nord.","breadcrumb":{"@id":"https:\/\/mauri-monasterium.com\/index.php\/page-accueil-decouvrir-alsace-passionnement\/#breadcrumb"},"inLanguage":"fr-FR","potentialAction":[{"@type":"ReadAction","target":["https:\/\/mauri-monasterium.com\/index.php\/page-accueil-decouvrir-alsace-passionnement\/"]}]},{"@type":"BreadcrumbList","@id":"https:\/\/mauri-monasterium.com\/index.php\/page-accueil-decouvrir-alsace-passionnement\/#breadcrumb","itemListElement":[{"@type":"ListItem","position":1,"name":"Accueil","item":"https:\/\/mauri-monasterium.com\/"},{"@type":"ListItem","position":2,"name":"Page d&#8217;accueil"}]},{"@type":"WebSite","@id":"https:\/\/mauri-monasterium.com\/#website","url":"https:\/\/mauri-monasterium.com\/","name":"Mauri Monasterium Alsace, avec Tim et Time","description":"L&#039;Alsace en d\u00e9couverte, passionn\u00e9ment.","publisher":{"@id":"https:\/\/mauri-monasterium.com\/#organization"},"potentialAction":[{"@type":"SearchAction","target":{"@type":"EntryPoint","urlTemplate":"https:\/\/mauri-monasterium.com\/?s={search_term_string}"},"query-input":{"@type":"PropertyValueSpecification","valueRequired":true,"valueName":"search_term_string"}}],"inLanguage":"fr-FR"},{"@type":"Organization","@id":"https:\/\/mauri-monasterium.com\/#organization","name":"Mauri Monasterium Alsace, avec Tim et Time","url":"https:\/\/mauri-monasterium.com\/","logo":{"@type":"ImageObject","inLanguage":"fr-FR","@id":"https:\/\/mauri-monasterium.com\/#\/schema\/logo\/image\/","url":"https:\/\/i0.wp.com\/mauri-monasterium.com\/wp-content\/uploads\/2024\/07\/logo-Mauri-Monasterium-1.jpg?fit=250%2C150&ssl=1","contentUrl":"https:\/\/i0.wp.com\/mauri-monasterium.com\/wp-content\/uploads\/2024\/07\/logo-Mauri-Monasterium-1.jpg?fit=250%2C150&ssl=1","width":250,"height":150,"caption":"Mauri Monasterium Alsace, avec Tim et Time"},"image":{"@id":"https:\/\/mauri-monasterium.com\/#\/schema\/logo\/image\/"},"sameAs":["https:\/\/www.facebook.com\/people\/Mauri-Monasterium-par-Tim-et-Time\/61563848182254\/"]}]}},"jetpack_sharing_enabled":true,"_links":{"self":[{"href":"https:\/\/mauri-monasterium.com\/index.php\/wp-json\/wp\/v2\/pages\/183","targetHints":{"allow":["GET"]}}],"collection":[{"href":"https:\/\/mauri-monasterium.com\/index.php\/wp-json\/wp\/v2\/pages"}],"about":[{"href":"https:\/\/mauri-monasterium.com\/index.php\/wp-json\/wp\/v2\/types\/page"}],"author":[{"embeddable":true,"href":"https:\/\/mauri-monasterium.com\/index.php\/wp-json\/wp\/v2\/users\/1"}],"replies":[{"embeddable":true,"href":"https:\/\/mauri-monasterium.com\/index.php\/wp-json\/wp\/v2\/comments?post=183"}],"version-history":[{"count":2,"href":"https:\/\/mauri-monasterium.com\/index.php\/wp-json\/wp\/v2\/pages\/183\/revisions"}],"predecessor-version":[{"id":1231,"href":"https:\/\/mauri-monasterium.com\/index.php\/wp-json\/wp\/v2\/pages\/183\/revisions\/1231"}],"wp:attachment":[{"href":"https:\/\/mauri-monasterium.com\/index.php\/wp-json\/wp\/v2\/media?parent=183"}],"curies":[{"name":"wp","href":"https:\/\/api.w.org\/{rel}","templated":true}]}}